{"id":3356,"date":"2023-03-06T21:40:59","date_gmt":"2023-03-06T21:40:59","guid":{"rendered":"https:\/\/lluistejeroarquitectos.com\/press-clip\/"},"modified":"2023-10-06T15:57:49","modified_gmt":"2023-10-06T15:57:49","slug":"press-clip","status":"publish","type":"page","link":"https:\/\/lluistejeroarquitectos.com\/en\/press-clip\/","title":{"rendered":"Press Clip"},"content":{"rendered":"<style>.elementor-3356 .elementor-element.elementor-element-492fa87{transition:all 400ms;}.elementor-3356 .elementor-element.elementor-element-683ec3c{transition:all 400ms;}.elementor-3356 .elementor-element.elementor-element-263ca6e .dethemekit-gallery-item .pa-gallery-image{height:15em;object-fit:cover;}.elementor-3356 .elementor-element.elementor-element-263ca6e .dethemekit-img-gallery-masonry div.dethemekit-gallery-item, .elementor-3356 .elementor-element.elementor-element-263ca6e .dethemekit-img-gallery-fitRows div.dethemekit-gallery-item{width:25%;}.elementor-3356 .elementor-element.elementor-element-263ca6e .elementor-repeater-item-35bfd65{transform:rotate(0deg);}.elementor-3356 .elementor-element.elementor-element-263ca6e{transition:all 400ms;}.elementor-3356 .elementor-element.elementor-element-263ca6e .dethemekit-img-gallery-filter{justify-content:center;}.elementor-3356 .elementor-element.elementor-element-263ca6e .dethemekit-gallery-caption{text-align:center;}.elementor-3356 .elementor-element.elementor-element-263ca6e .dethemekit-gallery-img-name, .elementor-3356 .elementor-element.elementor-element-263ca6e .dethemekit-gallery-img-name a{color:#FFFFFF;font-size:14px;font-weight:600;}.elementor-3356 .elementor-element.elementor-element-263ca6e .dethemekit-gallery-img-desc, .elementor-3356 .elementor-element.elementor-element-263ca6e .dethemekit-gallery-img-desc a{color:#FFFFFF;font-size:12px;font-weight:600;}@media(max-width:1024px){.elementor-3356 .elementor-element.elementor-element-263ca6e .dethemekit-img-gallery-masonry div.dethemekit-gallery-item, .elementor-3356 .elementor-element.elementor-element-263ca6e .dethemekit-img-gallery-fitRows div.dethemekit-gallery-item{width:100%;}}@media(max-width:767px){.elementor-3356 .elementor-element.elementor-element-263ca6e .dethemekit-img-gallery-masonry div.dethemekit-gallery-item, .elementor-3356 .elementor-element.elementor-element-263ca6e .dethemekit-img-gallery-fitRows div.dethemekit-gallery-item{width:100%;}}<\/style>\t\t<div data-elementor-type=\"wp-page\" data-elementor-id=\"3356\" class=\"elementor elementor-3356 elementor-305\" data-elementor-post-type=\"page\">\n\t\t\t\t\t\t<section class=\"elementor-section elementor-top-section elementor-element elementor-element-492fa87 elementor-section-boxed elementor-section-height-default elementor-section-height-default\" data-id=\"492fa87\" data-element_type=\"section\">\n\t\t\t\t\t\t<div class=\"elementor-container elementor-column-gap-default\">\n\t\t\t\t\t<div class=\"elementor-column elementor-col-100 elementor-top-column elementor-element elementor-element-683ec3c\" data-id=\"683ec3c\" data-element_type=\"column\">\n\t\t\t<div class=\"elementor-widget-wrap elementor-element-populated\">\n\t\t\t\t\t\t<div class=\"elementor-element elementor-element-263ca6e de_scroll_animation_no elementor-widget elementor-widget-dethemekit-img-gallery\" data-id=\"263ca6e\" data-element_type=\"widget\" data-widget_type=\"dethemekit-img-gallery.default\">\n\t\t\t\t<div class=\"elementor-widget-container\">\n\t\t\t\t\t\r\n\t<div id=\"dethemekit-img-gallery-263ca6e\" class=\"dethemekit-img-gallery dethemekit-img-gallery-fitRows zoomin dethemekit-gallery-icon-show\">\r\n\t\t\r\n\t\t<div class=\"dethemekit-img-gallery-filter\">\r\n\t\t\t<ul class=\"dethemekit-gallery-cats-container\">\r\n\t\t\t\t\t\t\t\t\t<li>\r\n\t\t\t\t\t\t<a href=\"javascript:;\" class=\"category active\" data-filter=\"*\">\r\n\t\t\t\t\t\t\t<span>All<\/span>\r\n\t\t\t\t\t\t<\/a>\r\n\t\t\t\t\t<\/li>\r\n\t\t\t\t\t\t\t\t\t\t\t<li>\r\n\t\t\t\t\t\t\t<a href=\"javascript:;\" class=\"category elementor-repeater-item-08f6281\" data-filter=\".articles\">\r\n\t\t\t\t\t\t\t\t<span>ARTICLES<\/span>\r\n\t\t\t\t\t\t\t<\/a>\r\n\t\t\t\t\t\t<\/li>\r\n\t\t\t\t\t\t\t\t\t\t\t\t<li>\r\n\t\t\t\t\t\t\t<a href=\"javascript:;\" class=\"category elementor-repeater-item-35bfd65\" data-filter=\".audios\">\r\n\t\t\t\t\t\t\t\t<span>AUDIOS<\/span>\r\n\t\t\t\t\t\t\t<\/a>\r\n\t\t\t\t\t\t<\/li>\r\n\t\t\t\t\t\t\t\t\t\t\t\t<li>\r\n\t\t\t\t\t\t\t<a href=\"javascript:;\" class=\"category elementor-repeater-item-7f2aecd\" data-filter=\".videos\">\r\n\t\t\t\t\t\t\t\t<span>VIDEOS<\/span>\r\n\t\t\t\t\t\t\t<\/a>\r\n\t\t\t\t\t\t<\/li>\r\n\t\t\t\t\t\t\t\t\t<\/ul>\r\n\t\t<\/div>\r\n\r\n\t\t\r\n\t\t<div class=\"dethemekit-gallery-container\" data-settings=\"{&quot;img_size&quot;:&quot;fitRows&quot;,&quot;filter&quot;:&quot;yes&quot;,&quot;theme&quot;:&quot;pp_default&quot;,&quot;active_cat&quot;:&quot;*&quot;,&quot;ltr_mode&quot;:true,&quot;shuffle&quot;:false,&quot;sort_by&quot;:&quot;original-order&quot;,&quot;skin&quot;:&quot;default&quot;,&quot;flag&quot;:&quot;cat&quot;,&quot;light_box&quot;:&quot;yes&quot;,&quot;lightbox_type&quot;:&quot;default&quot;,&quot;overlay&quot;:false}\">\r\n\r\n\t\t\t\t\t\t\t<div class=\"dethemekit-gallery-item elementor-repeater-item-10a486b audios\">\r\n\t\t\t\t<div class=\"pa-gallery-img default\" onclick=\"\">\r\n\t\t\t\t\t<div class=\"pa-gallery-img-container\">\r\n\t\t\t\t\t\t\r\n\t\t<img decoding=\"async\" class=\"pa-gallery-image\" src=\"https:\/\/lluistejeroarquitectos.com\/wp-content\/uploads\/2023\/05\/Proyecto-nuevo-1.jpg\" alt=\"Proyecto nuevo 1\">\r\n\t\t\t\t\t\t\t<\/div>\r\n\t\t\t\t\t\t\t\t\t\t\t\t<div class=\"pa-gallery-icons-wrapper\">\r\n\t\t\t\t\t\t\t\t<div class=\"pa-gallery-icons-inner-container\">\r\n\t\t\t\t\t\t\t\t\t\t\t\t\t\t\t\t\t<\/div>\r\n\t\t\t\t\t\t\t<\/div>\r\n\t\t\t\t\t\t\t\t\t\t<div class=\"dethemekit-gallery-caption\">\r\n\r\n\t\t\t\t\t\t\t\t\t<span class=\"dethemekit-gallery-img-name\">AUDIO:<\/span>\r\n\t\t\t\t\t\t\t\t\t\t<p class=\"dethemekit-gallery-img-desc\">SUNDAY ON R\u00c0DIO4'S ``THE CLUB OF RESTLESS MINDS``. INTERVIEW WITH ARCHITECT LLU\u00cdS TEJERO ABOUT THE NEW PAVILION OF THE PUIGVERT FOUNDATION.<\/p>\r\n\t\t\t\t\r\n\t\t\t<\/div>\r\n\t\t\t\t\t\t\t\t\t\t\t<a class=\"pa-gallery-whole-link\" href=\"http:\/\/lluistejeroarquitectos.com\/wp-content\/uploads\/2023\/05\/1338974433410.mp3\" target=\"_blank\"rel=\"nofollow\"><\/a>\r\n\r\n\t\t\t\t\t\t\t\t\t\t\t<\/div>\r\n\t\t\t<\/div>\r\n\t\t\t\t\t\t\t<div class=\"dethemekit-gallery-item elementor-repeater-item-746fea3 audios\">\r\n\t\t\t\t<div class=\"pa-gallery-img default\" onclick=\"\">\r\n\t\t\t\t\t<div class=\"pa-gallery-img-container\">\r\n\t\t\t\t\t\t\r\n\t\t<img decoding=\"async\" class=\"pa-gallery-image\" src=\"https:\/\/lluistejeroarquitectos.com\/wp-content\/uploads\/2023\/05\/Proyecto-nuevo-1.jpg\" alt=\"Proyecto nuevo 1\">\r\n\t\t\t\t\t\t\t<\/div>\r\n\t\t\t\t\t\t\t\t\t\t\t\t<div class=\"pa-gallery-icons-wrapper\">\r\n\t\t\t\t\t\t\t\t<div class=\"pa-gallery-icons-inner-container\">\r\n\t\t\t\t\t\t\t\t\t\t\t\t\t\t\t\t\t<\/div>\r\n\t\t\t\t\t\t\t<\/div>\r\n\t\t\t\t\t\t\t\t\t\t<div class=\"dethemekit-gallery-caption\">\r\n\r\n\t\t\t\t\t\t\t\t\t<span class=\"dethemekit-gallery-img-name\">AUDIO:<\/span>\r\n\t\t\t\t\t\t\t\t\t\t<p class=\"dethemekit-gallery-img-desc\">\"EXTRARADIO\" RADIO PROGRAM FROM \"COM R\u00c1DIO\". INTERVIEW WITH THE ARCHITECT LLU\u00cdS TEJERO ABOUT THE NEW PAVILION OF THE PUIGVERT FOUNDATION<\/p>\r\n\t\t\t\t\r\n\t\t\t<\/div>\r\n\t\t\t\t\t\t\t\t\t\t\t<a class=\"pa-gallery-whole-link\" href=\"http:\/\/lluistejeroarquitectos.com\/wp-content\/uploads\/2023\/05\/extraradi_210512_unitat_mobil_1.mp3\" target=\"_blank\"rel=\"nofollow\"><\/a>\r\n\r\n\t\t\t\t\t\t\t\t\t\t\t<\/div>\r\n\t\t\t<\/div>\r\n\t\t\t\t\t\t\t<div class=\"dethemekit-gallery-item elementor-repeater-item-a25cb38 audios\">\r\n\t\t\t\t<div class=\"pa-gallery-img default\" onclick=\"\">\r\n\t\t\t\t\t<div class=\"pa-gallery-img-container\">\r\n\t\t\t\t\t\t\r\n\t\t<img decoding=\"async\" class=\"pa-gallery-image\" src=\"https:\/\/lluistejeroarquitectos.com\/wp-content\/uploads\/2023\/05\/Proyecto-nuevo-1.jpg\" alt=\"Proyecto nuevo 1\">\r\n\t\t\t\t\t\t\t<\/div>\r\n\t\t\t\t\t\t\t\t\t\t\t\t<div class=\"pa-gallery-icons-wrapper\">\r\n\t\t\t\t\t\t\t\t<div class=\"pa-gallery-icons-inner-container\">\r\n\t\t\t\t\t\t\t\t\t\t\t\t\t\t\t\t\t<\/div>\r\n\t\t\t\t\t\t\t<\/div>\r\n\t\t\t\t\t\t\t\t\t\t<div class=\"dethemekit-gallery-caption\">\r\n\r\n\t\t\t\t\t\t\t\t\t<span class=\"dethemekit-gallery-img-name\">AUDIO:<\/span>\r\n\t\t\t\t\t\t\t\t\t\t<p class=\"dethemekit-gallery-img-desc\">SUNDAY IN \u201cTHE CLUB OF RESTLESS MINDS\u201d ON R\u00c0DIO4. INTERVIEW WITH ARCHITECT LLU\u00cdS TEJERO ABOUT HIS PROFESSIONAL CAREER AS AN ARCHITECT.<\/p>\r\n\t\t\t\t\r\n\t\t\t<\/div>\r\n\t\t\t\t\t\t\t\t\t\t\t<a class=\"pa-gallery-whole-link\" href=\"https:\/\/www.youtube.com\/watch?v=Z3zvFy8I86I\" target=\"_blank\"rel=\"nofollow\"><\/a>\r\n\r\n\t\t\t\t\t\t\t\t\t\t\t<\/div>\r\n\t\t\t<\/div>\r\n\t\t\t\t\t\t\t<div class=\"dethemekit-gallery-item elementor-repeater-item-c23a439 videos\">\r\n\t\t\t\t<div class=\"pa-gallery-img default\" onclick=\"\">\r\n\t\t\t\t\t<div class=\"pa-gallery-img-container\">\r\n\t\t\t\t\t\t\r\n\t\t<img decoding=\"async\" class=\"pa-gallery-image\" src=\"https:\/\/lluistejeroarquitectos.com\/wp-content\/uploads\/2023\/05\/Proyecto-nuevo-1.jpg\" alt=\"Proyecto nuevo 1\">\r\n\t\t\t\t\t\t\t<\/div>\r\n\t\t\t\t\t\t\t\t\t\t\t\t<div class=\"pa-gallery-icons-wrapper\">\r\n\t\t\t\t\t\t\t\t<div class=\"pa-gallery-icons-inner-container\">\r\n\t\t\t\t\t\t\t\t\t\t\t\t\t\t\t\t\t<\/div>\r\n\t\t\t\t\t\t\t<\/div>\r\n\t\t\t\t\t\t\t\t\t\t<div class=\"dethemekit-gallery-caption\">\r\n\r\n\t\t\t\t\t\t\t\t\t<span class=\"dethemekit-gallery-img-name\">VIDEO:<\/span>\r\n\t\t\t\t\t\t\t\t\t\t<p class=\"dethemekit-gallery-img-desc\">INTERVIEW BY THE \u201cCL COMMUNICATION GROUP\u201d WITH THE ARCHITECT LLU\u00cdS TEJERO ABOUT THE NEW PAVILION OF THE PUIGVERT FOUNDATION<\/p>\r\n\t\t\t\t\r\n\t\t\t<\/div>\r\n\t\t\t\t\t\t\t\t\t\t\t<a class=\"pa-gallery-whole-link\" href=\"https:\/\/vimeo.com\/139180009\" target=\"_blank\"rel=\"nofollow\"><\/a>\r\n\r\n\t\t\t\t\t\t\t\t\t\t\t<\/div>\r\n\t\t\t<\/div>\r\n\t\t\t\t\t\t\t<div class=\"dethemekit-gallery-item elementor-repeater-item-bdcf466 articles\">\r\n\t\t\t\t<div class=\"pa-gallery-img default\" onclick=\"\">\r\n\t\t\t\t\t<div class=\"pa-gallery-img-container\">\r\n\t\t\t\t\t\t\r\n\t\t<img decoding=\"async\" class=\"pa-gallery-image\" src=\"https:\/\/lluistejeroarquitectos.com\/wp-content\/uploads\/2023\/05\/Proyecto-nuevo-1.jpg\" alt=\"Proyecto nuevo 1\">\r\n\t\t\t\t\t\t\t<\/div>\r\n\t\t\t\t\t\t\t\t\t\t\t\t<div class=\"pa-gallery-icons-wrapper\">\r\n\t\t\t\t\t\t\t\t<div class=\"pa-gallery-icons-inner-container\">\r\n\t\t\t\t\t\t\t\t\t\t\t\t\t\t\t\t\t<\/div>\r\n\t\t\t\t\t\t\t<\/div>\r\n\t\t\t\t\t\t\t\t\t\t<div class=\"dethemekit-gallery-caption\">\r\n\r\n\t\t\t\t\t\t\t\t\t<span class=\"dethemekit-gallery-img-name\">ARTICLE<\/span>\r\n\t\t\t\t\t\t\t\t\t\t<p class=\"dethemekit-gallery-img-desc\">ARTICLE FROM THE MEDIA ``BONART`` ABOUT THE INAUGURATION OF THE NEW PAVILION OF THE PUIGVERT FOUNDATION<\/p>\r\n\t\t\t\t\r\n\t\t\t<\/div>\r\n\t\t\t\t\t\t\t\t\t\t\t<a class=\"pa-gallery-whole-link\" href=\"https:\/\/www.bonart.cat\/ca\/n\/35485\/alfredo-arribas-i-lluis-tejero-signen-el-projecte-del-nou-pavello-de-la-fundacio-puigvert\" target=\"_blank\"rel=\"nofollow\"><\/a>\r\n\r\n\t\t\t\t\t\t\t\t\t\t\t<\/div>\r\n\t\t\t<\/div>\r\n\t\t\t\t\t\t\t<div class=\"dethemekit-gallery-item elementor-repeater-item-c82989c articles\">\r\n\t\t\t\t<div class=\"pa-gallery-img default\" onclick=\"\">\r\n\t\t\t\t\t<div class=\"pa-gallery-img-container\">\r\n\t\t\t\t\t\t\r\n\t\t<img decoding=\"async\" class=\"pa-gallery-image\" src=\"https:\/\/lluistejeroarquitectos.com\/wp-content\/uploads\/2023\/05\/Proyecto-nuevo-1.jpg\" alt=\"Proyecto nuevo 1\">\r\n\t\t\t\t\t\t\t<\/div>\r\n\t\t\t\t\t\t\t\t\t\t\t\t<div class=\"pa-gallery-icons-wrapper\">\r\n\t\t\t\t\t\t\t\t<div class=\"pa-gallery-icons-inner-container\">\r\n\t\t\t\t\t\t\t\t\t\t\t\t\t\t\t\t\t<\/div>\r\n\t\t\t\t\t\t\t<\/div>\r\n\t\t\t\t\t\t\t\t\t\t<div class=\"dethemekit-gallery-caption\">\r\n\r\n\t\t\t\t\t\t\t\t\t<span class=\"dethemekit-gallery-img-name\">ARTICLE<\/span>\r\n\t\t\t\t\t\t\t\t\t\t<p class=\"dethemekit-gallery-img-desc\">ARTICLE FROM THE MEDIA ``BONART`` ABOUT THE INAUGURATION OF THE NEW PAVILION OF THE PUIGVERT FOUNDATION<\/p>\r\n\t\t\t\t\r\n\t\t\t<\/div>\r\n\t\t\t\t\t\t\t\t\t\t\t<a class=\"pa-gallery-whole-link\" href=\"https:\/\/www.bonart.cat\/ca\/n\/35485\/alfredo-arribas-i-lluis-tejero-signen-el-projecte-del-nou-pavello-de-la-fundacio-puigvert\" target=\"_blank\"rel=\"nofollow\"><\/a>\r\n\r\n\t\t\t\t\t\t\t\t\t\t\t<\/div>\r\n\t\t\t<\/div>\r\n\t\t\t\t\t\t\t<div class=\"dethemekit-gallery-item elementor-repeater-item-1258a39 articles\">\r\n\t\t\t\t<div class=\"pa-gallery-img default\" onclick=\"\">\r\n\t\t\t\t\t<div class=\"pa-gallery-img-container\">\r\n\t\t\t\t\t\t\r\n\t\t<img decoding=\"async\" class=\"pa-gallery-image\" src=\"https:\/\/lluistejeroarquitectos.com\/wp-content\/uploads\/2023\/05\/Proyecto-nuevo-1.jpg\" alt=\"Proyecto nuevo 1\">\r\n\t\t\t\t\t\t\t<\/div>\r\n\t\t\t\t\t\t\t\t\t\t\t\t<div class=\"pa-gallery-icons-wrapper\">\r\n\t\t\t\t\t\t\t\t<div class=\"pa-gallery-icons-inner-container\">\r\n\t\t\t\t\t\t\t\t\t\t\t\t\t\t\t\t\t<\/div>\r\n\t\t\t\t\t\t\t<\/div>\r\n\t\t\t\t\t\t\t\t\t\t<div class=\"dethemekit-gallery-caption\">\r\n\r\n\t\t\t\t\t\t\t\t\t<span class=\"dethemekit-gallery-img-name\">ARTICLE<\/span>\r\n\t\t\t\t\t\t\t\t\t\t<p class=\"dethemekit-gallery-img-desc\">ARTICLE FROM THE MEDIA ``CONELE DIGITAL`` ABOUT THE NEW PAVILION OF THE PUIGVERT FOUNDATION<\/p>\r\n\t\t\t\t\r\n\t\t\t<\/div>\r\n\t\t\t\t\t\t\t\t\t\t\t<a class=\"pa-gallery-whole-link\" href=\"https:\/\/lluistejeroarquitectos.com\/wp-content\/uploads\/2023\/05\/Conele-Digital.pdf\" target=\"_blank\"rel=\"nofollow\"><\/a>\r\n\r\n\t\t\t\t\t\t\t\t\t\t\t<\/div>\r\n\t\t\t<\/div>\r\n\t\t\t\t\t\t\t<div class=\"dethemekit-gallery-item elementor-repeater-item-c9caab9 articles\">\r\n\t\t\t\t<div class=\"pa-gallery-img default\" onclick=\"\">\r\n\t\t\t\t\t<div class=\"pa-gallery-img-container\">\r\n\t\t\t\t\t\t\r\n\t\t<img decoding=\"async\" class=\"pa-gallery-image\" src=\"https:\/\/lluistejeroarquitectos.com\/wp-content\/uploads\/2023\/05\/Proyecto-nuevo-1.jpg\" alt=\"Proyecto nuevo 1\">\r\n\t\t\t\t\t\t\t<\/div>\r\n\t\t\t\t\t\t\t\t\t\t\t\t<div class=\"pa-gallery-icons-wrapper\">\r\n\t\t\t\t\t\t\t\t<div class=\"pa-gallery-icons-inner-container\">\r\n\t\t\t\t\t\t\t\t\t\t\t\t\t\t\t\t\t<\/div>\r\n\t\t\t\t\t\t\t<\/div>\r\n\t\t\t\t\t\t\t\t\t\t<div class=\"dethemekit-gallery-caption\">\r\n\r\n\t\t\t\t\t\t\t\t\t<span class=\"dethemekit-gallery-img-name\">ARTICLE<\/span>\r\n\t\t\t\t\t\t\t\t\t\t<p class=\"dethemekit-gallery-img-desc\">ARTICLE FROM THE MEDIA ``EXPERIMENTA MAGAZINE`` ABOUT THE NEW PAVILION OF THE PUIGVERT FOUNDATION<\/p>\r\n\t\t\t\t\r\n\t\t\t<\/div>\r\n\t\t\t\t\t\t\t\t\t\t\t<a class=\"pa-gallery-whole-link\" href=\"https:\/\/lluistejeroarquitectos.com\/wp-content\/uploads\/2023\/05\/Experimenta.pdf\" target=\"_blank\"rel=\"nofollow\"><\/a>\r\n\r\n\t\t\t\t\t\t\t\t\t\t\t<\/div>\r\n\t\t\t<\/div>\r\n\t\t\t\t\t\t\t<div class=\"dethemekit-gallery-item elementor-repeater-item-213a5df articles\">\r\n\t\t\t\t<div class=\"pa-gallery-img default\" onclick=\"\">\r\n\t\t\t\t\t<div class=\"pa-gallery-img-container\">\r\n\t\t\t\t\t\t\r\n\t\t<img decoding=\"async\" class=\"pa-gallery-image\" src=\"https:\/\/lluistejeroarquitectos.com\/wp-content\/uploads\/2023\/05\/Proyecto-nuevo-1.jpg\" alt=\"Proyecto nuevo 1\">\r\n\t\t\t\t\t\t\t<\/div>\r\n\t\t\t\t\t\t\t\t\t\t\t\t<div class=\"pa-gallery-icons-wrapper\">\r\n\t\t\t\t\t\t\t\t<div class=\"pa-gallery-icons-inner-container\">\r\n\t\t\t\t\t\t\t\t\t\t\t\t\t\t\t\t\t<\/div>\r\n\t\t\t\t\t\t\t<\/div>\r\n\t\t\t\t\t\t\t\t\t\t<div class=\"dethemekit-gallery-caption\">\r\n\r\n\t\t\t\t\t\t\t\t\t<span class=\"dethemekit-gallery-img-name\">ARTICLE<\/span>\r\n\t\t\t\t\t\t\t\t\t\t<p class=\"dethemekit-gallery-img-desc\">ARTICLE BY JORDI PLANES IN HIS BLOG ABOUT THE NEW PAVILION OF THE PUIGVERT FOUNDATION<\/p>\r\n\t\t\t\t\r\n\t\t\t<\/div>\r\n\t\t\t\t\t\t\t\t\t\t\t<a class=\"pa-gallery-whole-link\" href=\"http:\/\/jordi-aguilablanca.blogspot.com\/2012\/05\/inauguracion-de-la-nueva-clinica.html\" target=\"_blank\"rel=\"nofollow\"><\/a>\r\n\r\n\t\t\t\t\t\t\t\t\t\t\t<\/div>\r\n\t\t\t<\/div>\r\n\t\t\t\t\t\t\t<div class=\"dethemekit-gallery-item elementor-repeater-item-7baccf2 articles\">\r\n\t\t\t\t<div class=\"pa-gallery-img default\" onclick=\"\">\r\n\t\t\t\t\t<div class=\"pa-gallery-img-container\">\r\n\t\t\t\t\t\t\r\n\t\t<img decoding=\"async\" class=\"pa-gallery-image\" src=\"https:\/\/lluistejeroarquitectos.com\/wp-content\/uploads\/2023\/05\/Proyecto-nuevo-1.jpg\" alt=\"Proyecto nuevo 1\">\r\n\t\t\t\t\t\t\t<\/div>\r\n\t\t\t\t\t\t\t\t\t\t\t\t<div class=\"pa-gallery-icons-wrapper\">\r\n\t\t\t\t\t\t\t\t<div class=\"pa-gallery-icons-inner-container\">\r\n\t\t\t\t\t\t\t\t\t\t\t\t\t\t\t\t\t<\/div>\r\n\t\t\t\t\t\t\t<\/div>\r\n\t\t\t\t\t\t\t\t\t\t<div class=\"dethemekit-gallery-caption\">\r\n\r\n\t\t\t\t\t\t\t\t\t<span class=\"dethemekit-gallery-img-name\">ARTICLE<\/span>\r\n\t\t\t\t\t\t\t\t\t\t<p class=\"dethemekit-gallery-img-desc\">ARTICLE FROM THE MEDIA ``DIARIO M\u00c9DICO`` ABOUT THE INAUGURATION OF THE NEW PAVILION OF THE PUIGVERT FOUNDATION, AFTER 10 YEARS OF CONSTRUCTION<\/p>\r\n\t\t\t\t\r\n\t\t\t<\/div>\r\n\t\t\t\t\t\t\t\t\t\t\t<a class=\"pa-gallery-whole-link\" href=\"https:\/\/lluistejeroarquitectos.com\/wp-content\/uploads\/2023\/05\/Diario-Medico-Press.pdf\" target=\"_blank\"rel=\"nofollow\"><\/a>\r\n\r\n\t\t\t\t\t\t\t\t\t\t\t<\/div>\r\n\t\t\t<\/div>\r\n\t\t\t\t\t\t\t<div class=\"dethemekit-gallery-item elementor-repeater-item-3d4bf2c articles\">\r\n\t\t\t\t<div class=\"pa-gallery-img default\" onclick=\"\">\r\n\t\t\t\t\t<div class=\"pa-gallery-img-container\">\r\n\t\t\t\t\t\t\r\n\t\t<img decoding=\"async\" class=\"pa-gallery-image\" src=\"https:\/\/lluistejeroarquitectos.com\/wp-content\/uploads\/2023\/05\/Proyecto-nuevo-1.jpg\" alt=\"Proyecto nuevo 1\">\r\n\t\t\t\t\t\t\t<\/div>\r\n\t\t\t\t\t\t\t\t\t\t\t\t<div class=\"pa-gallery-icons-wrapper\">\r\n\t\t\t\t\t\t\t\t<div class=\"pa-gallery-icons-inner-container\">\r\n\t\t\t\t\t\t\t\t\t\t\t\t\t\t\t\t\t<\/div>\r\n\t\t\t\t\t\t\t<\/div>\r\n\t\t\t\t\t\t\t\t\t\t<div class=\"dethemekit-gallery-caption\">\r\n\r\n\t\t\t\t\t\t\t\t\t<span class=\"dethemekit-gallery-img-name\">ARTICLE<\/span>\r\n\t\t\t\t\t\t\t\t\t\t<p class=\"dethemekit-gallery-img-desc\">ARTICLE PUBLISHED ON THE WEBSITE OF THE BARCELONA CITY COUNCIL ABOUT THE NEW PAVILION OF THE PUIGVERT FOUNDATION<\/p>\r\n\t\t\t\t\r\n\t\t\t<\/div>\r\n\t\t\t\t\t\t\t\t\t\t\t<a class=\"pa-gallery-whole-link\" href=\"https:\/\/lluistejeroarquitectos.com\/wp-content\/uploads\/2023\/05\/Ajuntament-Barcelona.pdf\" target=\"_blank\"rel=\"nofollow\"><\/a>\r\n\r\n\t\t\t\t\t\t\t\t\t\t\t<\/div>\r\n\t\t\t<\/div>\r\n\t\t\t\t\t\t\t<div class=\"dethemekit-gallery-item elementor-repeater-item-71c0406 articles\">\r\n\t\t\t\t<div class=\"pa-gallery-img default\" onclick=\"\">\r\n\t\t\t\t\t<div class=\"pa-gallery-img-container\">\r\n\t\t\t\t\t\t\r\n\t\t<img decoding=\"async\" class=\"pa-gallery-image\" src=\"https:\/\/lluistejeroarquitectos.com\/wp-content\/uploads\/2023\/05\/Proyecto-nuevo-1.jpg\" alt=\"Proyecto nuevo 1\">\r\n\t\t\t\t\t\t\t<\/div>\r\n\t\t\t\t\t\t\t\t\t\t\t\t<div class=\"pa-gallery-icons-wrapper\">\r\n\t\t\t\t\t\t\t\t<div class=\"pa-gallery-icons-inner-container\">\r\n\t\t\t\t\t\t\t\t\t\t\t\t\t\t\t\t\t<\/div>\r\n\t\t\t\t\t\t\t<\/div>\r\n\t\t\t\t\t\t\t\t\t\t<div class=\"dethemekit-gallery-caption\">\r\n\r\n\t\t\t\t\t\t\t\t\t<span class=\"dethemekit-gallery-img-name\">ARTICLE<\/span>\r\n\t\t\t\t\t\t\t\t\t\t<p class=\"dethemekit-gallery-img-desc\">ARTICLE FROM THE MEDIA ``LA RAZ\u00d3N`` ABOUT THE INAUGURATION OF THE NEW PAVILION OF THE PUIGVERT FOUNDATION<\/p>\r\n\t\t\t\t\r\n\t\t\t<\/div>\r\n\t\t\t\t\t\t\t\t\t\t\t<a class=\"pa-gallery-whole-link\" href=\"https:\/\/lluistejeroarquitectos.com\/wp-content\/uploads\/2023\/05\/La-Razon.pdf\" target=\"_blank\"rel=\"nofollow\"><\/a>\r\n\r\n\t\t\t\t\t\t\t\t\t\t\t<\/div>\r\n\t\t\t<\/div>\r\n\t\t\t\t\t\t\t<div class=\"dethemekit-gallery-item elementor-repeater-item-46ee222 articles\">\r\n\t\t\t\t<div class=\"pa-gallery-img default\" onclick=\"\">\r\n\t\t\t\t\t<div class=\"pa-gallery-img-container\">\r\n\t\t\t\t\t\t\r\n\t\t<img decoding=\"async\" class=\"pa-gallery-image\" src=\"https:\/\/lluistejeroarquitectos.com\/wp-content\/uploads\/2023\/05\/Proyecto-nuevo-1.jpg\" alt=\"Proyecto nuevo 1\">\r\n\t\t\t\t\t\t\t<\/div>\r\n\t\t\t\t\t\t\t\t\t\t\t\t<div class=\"pa-gallery-icons-wrapper\">\r\n\t\t\t\t\t\t\t\t<div class=\"pa-gallery-icons-inner-container\">\r\n\t\t\t\t\t\t\t\t\t\t\t\t\t\t\t\t\t<\/div>\r\n\t\t\t\t\t\t\t<\/div>\r\n\t\t\t\t\t\t\t\t\t\t<div class=\"dethemekit-gallery-caption\">\r\n\r\n\t\t\t\t\t\t\t\t\t<span class=\"dethemekit-gallery-img-name\">ARTICLE<\/span>\r\n\t\t\t\t\t\t\t\t\t\t<p class=\"dethemekit-gallery-img-desc\">ARTICLE FROM THE MEDIA ``CIBER PERFIL`` ABOUT THE NEW PAVILION OF THE PUIGVERT FOUNDATION<\/p>\r\n\t\t\t\t\r\n\t\t\t<\/div>\r\n\t\t\t\t\t\t\t\t\t\t\t<a class=\"pa-gallery-whole-link\" href=\"https:\/\/lluistejeroarquitectos.com\/wp-content\/uploads\/2023\/05\/La-Razon.pdf\" target=\"_blank\"rel=\"nofollow\"><\/a>\r\n\r\n\t\t\t\t\t\t\t\t\t\t\t<\/div>\r\n\t\t\t<\/div>\r\n\t\t\t\t\t\t\t<div class=\"dethemekit-gallery-item elementor-repeater-item-91a6c74 articles\">\r\n\t\t\t\t<div class=\"pa-gallery-img default\" onclick=\"\">\r\n\t\t\t\t\t<div class=\"pa-gallery-img-container\">\r\n\t\t\t\t\t\t\r\n\t\t<img decoding=\"async\" class=\"pa-gallery-image\" src=\"https:\/\/lluistejeroarquitectos.com\/wp-content\/uploads\/2023\/05\/Proyecto-nuevo-1.jpg\" alt=\"Proyecto nuevo 1\">\r\n\t\t\t\t\t\t\t<\/div>\r\n\t\t\t\t\t\t\t\t\t\t\t\t<div class=\"pa-gallery-icons-wrapper\">\r\n\t\t\t\t\t\t\t\t<div class=\"pa-gallery-icons-inner-container\">\r\n\t\t\t\t\t\t\t\t\t\t\t\t\t\t\t\t\t<\/div>\r\n\t\t\t\t\t\t\t<\/div>\r\n\t\t\t\t\t\t\t\t\t\t<div class=\"dethemekit-gallery-caption\">\r\n\r\n\t\t\t\t\t\t\t\t\t<span class=\"dethemekit-gallery-img-name\">ARTICLE<\/span>\r\n\t\t\t\t\t\t\t\t\t\t<p class=\"dethemekit-gallery-img-desc\">ARTICLE FROM THE MEDIA ``ARKINOVA`` ABOUT THE NEW PAVILION OF THE PUIGVERT FOUNDATION<\/p>\r\n\t\t\t\t\r\n\t\t\t<\/div>\r\n\t\t\t\t\t\t\t\t\t\t\t<a class=\"pa-gallery-whole-link\" href=\"https:\/\/lluistejeroarquitectos.com\/wp-content\/uploads\/2023\/05\/Arkinova.pdf\" target=\"_blank\"rel=\"nofollow\"><\/a>\r\n\r\n\t\t\t\t\t\t\t\t\t\t\t<\/div>\r\n\t\t\t<\/div>\r\n\t\t\t\t\t\t\t<div class=\"dethemekit-gallery-item elementor-repeater-item-423e9f2 articles\">\r\n\t\t\t\t<div class=\"pa-gallery-img default\" onclick=\"\">\r\n\t\t\t\t\t<div class=\"pa-gallery-img-container\">\r\n\t\t\t\t\t\t\r\n\t\t<img decoding=\"async\" class=\"pa-gallery-image\" src=\"https:\/\/lluistejeroarquitectos.com\/wp-content\/uploads\/2023\/05\/Proyecto-nuevo-1.jpg\" alt=\"Proyecto nuevo 1\">\r\n\t\t\t\t\t\t\t<\/div>\r\n\t\t\t\t\t\t\t\t\t\t\t\t<div class=\"pa-gallery-icons-wrapper\">\r\n\t\t\t\t\t\t\t\t<div class=\"pa-gallery-icons-inner-container\">\r\n\t\t\t\t\t\t\t\t\t\t\t\t\t\t\t\t\t<\/div>\r\n\t\t\t\t\t\t\t<\/div>\r\n\t\t\t\t\t\t\t\t\t\t<div class=\"dethemekit-gallery-caption\">\r\n\r\n\t\t\t\t\t\t\t\t\t<span class=\"dethemekit-gallery-img-name\">ARTICLE<\/span>\r\n\t\t\t\t\t\t\t\t\t\t<p class=\"dethemekit-gallery-img-desc\">ARTICLE FROM THE MEDIA ``CRONICA ECON\u00d3MICA`` ABOUT THE NEW PAVILION OF THE PUIGVERT FOUNDATION<\/p>\r\n\t\t\t\t\r\n\t\t\t<\/div>\r\n\t\t\t\t\t\t\t\t\t\t\t<a class=\"pa-gallery-whole-link\" href=\"https:\/\/lluistejeroarquitectos.com\/wp-content\/uploads\/2023\/05\/Cronica-economica.pdf\" target=\"_blank\"rel=\"nofollow\"><\/a>\r\n\r\n\t\t\t\t\t\t\t\t\t\t\t<\/div>\r\n\t\t\t<\/div>\r\n\t\t\t\t\t\t\t<div class=\"dethemekit-gallery-item elementor-repeater-item-3749a3c articles\">\r\n\t\t\t\t<div class=\"pa-gallery-img default\" onclick=\"\">\r\n\t\t\t\t\t<div class=\"pa-gallery-img-container\">\r\n\t\t\t\t\t\t\r\n\t\t<img decoding=\"async\" class=\"pa-gallery-image\" src=\"https:\/\/lluistejeroarquitectos.com\/wp-content\/uploads\/2023\/05\/Proyecto-nuevo-1.jpg\" alt=\"Proyecto nuevo 1\">\r\n\t\t\t\t\t\t\t<\/div>\r\n\t\t\t\t\t\t\t\t\t\t\t\t<div class=\"pa-gallery-icons-wrapper\">\r\n\t\t\t\t\t\t\t\t<div class=\"pa-gallery-icons-inner-container\">\r\n\t\t\t\t\t\t\t\t\t\t\t\t\t\t\t\t\t<\/div>\r\n\t\t\t\t\t\t\t<\/div>\r\n\t\t\t\t\t\t\t\t\t\t<div class=\"dethemekit-gallery-caption\">\r\n\r\n\t\t\t\t\t\t\t\t\t<span class=\"dethemekit-gallery-img-name\">ARTICLE<\/span>\r\n\t\t\t\t\t\t\t\t\t\t<p class=\"dethemekit-gallery-img-desc\">ARTICLE FROM THE MEDIA ``NAN ARCHITECTURE AND CONSTRUCTION`` ABOUT THE NEW PAVILION OF THE PUIGVERT FOUNDATION<\/p>\r\n\t\t\t\t\r\n\t\t\t<\/div>\r\n\t\t\t\t\t\t\t\t\t\t\t<a class=\"pa-gallery-whole-link\" href=\"https:\/\/lluistejeroarquitectos.com\/wp-content\/uploads\/2023\/05\/NAN-Arquitectura.pdf\" target=\"_blank\"rel=\"nofollow\"><\/a>\r\n\r\n\t\t\t\t\t\t\t\t\t\t\t<\/div>\r\n\t\t\t<\/div>\r\n\t\t\t\t\t\t\t<div class=\"dethemekit-gallery-item elementor-repeater-item-46834d7 articles\">\r\n\t\t\t\t<div class=\"pa-gallery-img default\" onclick=\"\">\r\n\t\t\t\t\t<div class=\"pa-gallery-img-container\">\r\n\t\t\t\t\t\t\r\n\t\t<img decoding=\"async\" class=\"pa-gallery-image\" src=\"https:\/\/lluistejeroarquitectos.com\/wp-content\/uploads\/2023\/05\/Proyecto-nuevo-1.jpg\" alt=\"Proyecto nuevo 1\">\r\n\t\t\t\t\t\t\t<\/div>\r\n\t\t\t\t\t\t\t\t\t\t\t\t<div class=\"pa-gallery-icons-wrapper\">\r\n\t\t\t\t\t\t\t\t<div class=\"pa-gallery-icons-inner-container\">\r\n\t\t\t\t\t\t\t\t\t\t\t\t\t\t\t\t\t<\/div>\r\n\t\t\t\t\t\t\t<\/div>\r\n\t\t\t\t\t\t\t\t\t\t<div class=\"dethemekit-gallery-caption\">\r\n\r\n\t\t\t\t\t\t\t\t\t<span class=\"dethemekit-gallery-img-name\">ARTICLE<\/span>\r\n\t\t\t\t\t\t\t\t\t\t<p class=\"dethemekit-gallery-img-desc\">ARTICLE FROM THE MEDIA ``PROJECT CONTRACT`` ABOUT THE NEW PAVILION OF THE PUIGVERT FOUNDATION<\/p>\r\n\t\t\t\t\r\n\t\t\t<\/div>\r\n\t\t\t\t\t\t\t\t\t\t\t<a class=\"pa-gallery-whole-link\" href=\"https:\/\/lluistejeroarquitectos.com\/wp-content\/uploads\/2023\/05\/Proyecto-Contract.pdf\" target=\"_blank\"rel=\"nofollow\"><\/a>\r\n\r\n\t\t\t\t\t\t\t\t\t\t\t<\/div>\r\n\t\t\t<\/div>\r\n\t\t\t\t\t\t\t<div class=\"dethemekit-gallery-item elementor-repeater-item-8f5ccf0 articles\">\r\n\t\t\t\t<div class=\"pa-gallery-img default\" onclick=\"\">\r\n\t\t\t\t\t<div class=\"pa-gallery-img-container\">\r\n\t\t\t\t\t\t\r\n\t\t<img decoding=\"async\" class=\"pa-gallery-image\" src=\"https:\/\/lluistejeroarquitectos.com\/wp-content\/uploads\/2023\/05\/Proyecto-nuevo-1.jpg\" alt=\"Proyecto nuevo 1\">\r\n\t\t\t\t\t\t\t<\/div>\r\n\t\t\t\t\t\t\t\t\t\t\t\t<div class=\"pa-gallery-icons-wrapper\">\r\n\t\t\t\t\t\t\t\t<div class=\"pa-gallery-icons-inner-container\">\r\n\t\t\t\t\t\t\t\t\t\t\t\t\t\t\t\t\t<\/div>\r\n\t\t\t\t\t\t\t<\/div>\r\n\t\t\t\t\t\t\t\t\t\t<div class=\"dethemekit-gallery-caption\">\r\n\r\n\t\t\t\t\t\t\t\t\t<span class=\"dethemekit-gallery-img-name\">ARTICLE<\/span>\r\n\t\t\t\t\t\t\t\t\t\t<p class=\"dethemekit-gallery-img-desc\">ARTICLE FROM THE \u201cARQUIDEA\u201d MEDIA ABOUT THE NEW PAVILION OF THE PUIGVERT FOUNDATION<\/p>\r\n\t\t\t\t\r\n\t\t\t<\/div>\r\n\t\t\t\t\t\t\t\t\t\t\t<a class=\"pa-gallery-whole-link\" href=\"http:\/\/arkiidea.blogspot.com\/2012\/05\/pabellon-de-la-fundacion-puigvert.html\" target=\"_blank\"rel=\"nofollow\"><\/a>\r\n\r\n\t\t\t\t\t\t\t\t\t\t\t<\/div>\r\n\t\t\t<\/div>\r\n\t\t\t\t\t\t\t<div class=\"dethemekit-gallery-item elementor-repeater-item-8ca0a08 articles\">\r\n\t\t\t\t<div class=\"pa-gallery-img default\" onclick=\"\">\r\n\t\t\t\t\t<div class=\"pa-gallery-img-container\">\r\n\t\t\t\t\t\t\r\n\t\t<img decoding=\"async\" class=\"pa-gallery-image\" src=\"https:\/\/lluistejeroarquitectos.com\/wp-content\/uploads\/2023\/05\/Proyecto-nuevo-1.jpg\" alt=\"Proyecto nuevo 1\">\r\n\t\t\t\t\t\t\t<\/div>\r\n\t\t\t\t\t\t\t\t\t\t\t\t<div class=\"pa-gallery-icons-wrapper\">\r\n\t\t\t\t\t\t\t\t<div class=\"pa-gallery-icons-inner-container\">\r\n\t\t\t\t\t\t\t\t\t\t\t\t\t\t\t\t\t<\/div>\r\n\t\t\t\t\t\t\t<\/div>\r\n\t\t\t\t\t\t\t\t\t\t<div class=\"dethemekit-gallery-caption\">\r\n\r\n\t\t\t\t\t\t\t\t\t<span class=\"dethemekit-gallery-img-name\">ARTICLE<\/span>\r\n\t\t\t\t\t\t\t\t\t\t<p class=\"dethemekit-gallery-img-desc\">ARTICLE FROM THE \u201cEXPANSI\u00d3N\u201d MEDIA ABOUT THE NEW PAVILION OF THE PUIGVERT FOUNDATION<\/p>\r\n\t\t\t\t\r\n\t\t\t<\/div>\r\n\t\t\t\t\t\t\t\t\t\t\t<a class=\"pa-gallery-whole-link\" href=\"https:\/\/lluistejeroarquitectos.com\/wp-content\/uploads\/2023\/05\/Expansion.pdf\" target=\"_blank\"rel=\"nofollow\"><\/a>\r\n\r\n\t\t\t\t\t\t\t\t\t\t\t<\/div>\r\n\t\t\t<\/div>\r\n\t\t\t\t\t\t\t<div class=\"dethemekit-gallery-item elementor-repeater-item-c42f498 articles\">\r\n\t\t\t\t<div class=\"pa-gallery-img default\" onclick=\"\">\r\n\t\t\t\t\t<div class=\"pa-gallery-img-container\">\r\n\t\t\t\t\t\t\r\n\t\t<img decoding=\"async\" class=\"pa-gallery-image\" src=\"https:\/\/lluistejeroarquitectos.com\/wp-content\/uploads\/2023\/05\/Proyecto-nuevo-1.jpg\" alt=\"Proyecto nuevo 1\">\r\n\t\t\t\t\t\t\t<\/div>\r\n\t\t\t\t\t\t\t\t\t\t\t\t<div class=\"pa-gallery-icons-wrapper\">\r\n\t\t\t\t\t\t\t\t<div class=\"pa-gallery-icons-inner-container\">\r\n\t\t\t\t\t\t\t\t\t\t\t\t\t\t\t\t\t<\/div>\r\n\t\t\t\t\t\t\t<\/div>\r\n\t\t\t\t\t\t\t\t\t\t<div class=\"dethemekit-gallery-caption\">\r\n\r\n\t\t\t\t\t\t\t\t\t<span class=\"dethemekit-gallery-img-name\">ARTICLE<\/span>\r\n\t\t\t\t\t\t\t\t\t\t<p class=\"dethemekit-gallery-img-desc\">ARTICLE FROM THE \u201cRCT\u201d MEDIA ABOUT THE NEW PAVILION OF THE PUIGVERT FOUNDATION<\/p>\r\n\t\t\t\t\r\n\t\t\t<\/div>\r\n\t\t\t\t\t\t\t\t\t\t\t<a class=\"pa-gallery-whole-link\" href=\"https:\/\/lluistejeroarquitectos.com\/wp-content\/uploads\/2023\/05\/RCT.pdf\" target=\"_blank\"rel=\"nofollow\"><\/a>\r\n\r\n\t\t\t\t\t\t\t\t\t\t\t<\/div>\r\n\t\t\t<\/div>\r\n\t\t\t\t\t\t\t<div class=\"dethemekit-gallery-item elementor-repeater-item-c96b827 articles\">\r\n\t\t\t\t<div class=\"pa-gallery-img default\" onclick=\"\">\r\n\t\t\t\t\t<div class=\"pa-gallery-img-container\">\r\n\t\t\t\t\t\t\r\n\t\t<img decoding=\"async\" class=\"pa-gallery-image\" src=\"https:\/\/lluistejeroarquitectos.com\/wp-content\/uploads\/2023\/05\/Proyecto-nuevo-1.jpg\" alt=\"Proyecto nuevo 1\">\r\n\t\t\t\t\t\t\t<\/div>\r\n\t\t\t\t\t\t\t\t\t\t\t\t<div class=\"pa-gallery-icons-wrapper\">\r\n\t\t\t\t\t\t\t\t<div class=\"pa-gallery-icons-inner-container\">\r\n\t\t\t\t\t\t\t\t\t\t\t\t\t\t\t\t\t<\/div>\r\n\t\t\t\t\t\t\t<\/div>\r\n\t\t\t\t\t\t\t\t\t\t<div class=\"dethemekit-gallery-caption\">\r\n\r\n\t\t\t\t\t\t\t\t\t<span class=\"dethemekit-gallery-img-name\">ARTICLE<\/span>\r\n\t\t\t\t\t\t\t\t\t\t<p class=\"dethemekit-gallery-img-desc\">ARTICLE FROM THE \u201cBEANDLIFE\u201d MEDIA ABOUT THE NEW PAVILION OF THE PUIGVERT FOUNDATION<\/p>\r\n\t\t\t\t\r\n\t\t\t<\/div>\r\n\t\t\t\t\t\t\t\t\t\t\t<a class=\"pa-gallery-whole-link\" href=\"https:\/\/lluistejeroarquitectos.com\/wp-content\/uploads\/2023\/05\/revista67.20-21.pdf\" target=\"_blank\"rel=\"nofollow\"><\/a>\r\n\r\n\t\t\t\t\t\t\t\t\t\t\t<\/div>\r\n\t\t\t<\/div>\r\n\t\t\t\t\t<\/div>\r\n\r\n\t\t\r\n\t<\/div>\r\n\r\n\t\t\r\n\t\t\r\n\t\t\t\t\t\t<\/div>\n\t\t\t\t<\/div>\n\t\t\t\t\t<\/div>\n\t\t<\/div>\n\t\t\t\t\t<\/div>\n\t\t<\/section>\n\t\t\t\t<\/div>\n\t\t","protected":false},"excerpt":{"rendered":"<p>All ARTICLES AUDIOS VIDEOS AUDIO: SUNDAY ON R\u00c0DIO4&#8217;S &#8220;THE CLUB OF RESTLESS MINDS&#8220;. INTERVIEW WITH ARCHITECT LLU\u00cdS TEJERO ABOUT THE NEW PAVILION OF THE PUIGVERT FOUNDATION. AUDIO: &#8220;EXTRARADIO&#8221; RADIO PROGRAM FROM &#8220;COM R\u00c1DIO&#8221;. INTERVIEW WITH THE ARCHITECT LLU\u00cdS TEJERO ABOUT THE NEW PAVILION OF THE PUIGVERT FOUNDATION AUDIO: SUNDAY IN \u201cTHE CLUB OF RESTLESS MINDS\u201d [&hellip;]<\/p>\n","protected":false},"author":1,"featured_media":0,"parent":0,"menu_order":0,"comment_status":"closed","ping_status":"closed","template":"","meta":{"footnotes":""},"class_list":["post-3356","page","type-page","status-publish","hentry"],"yoast_head":"<!-- This site is optimized with the Yoast SEO plugin v26.8 - https:\/\/yoast.com\/product\/yoast-seo-wordpress\/ -->\n<title>Press Clip - Llu\u00eds Tejero Arquitectes<\/title>\n<meta name=\"robots\" content=\"index, follow, max-snippet:-1, max-image-preview:large, max-video-preview:-1\" \/>\n<link rel=\"canonical\" href=\"https:\/\/lluistejeroarquitectos.com\/press-clip\/\" \/>\n<meta property=\"og:locale\" content=\"en_US\" \/>\n<meta property=\"og:type\" content=\"article\" \/>\n<meta property=\"og:title\" content=\"Press Clip - Llu\u00eds Tejero Arquitectes\" \/>\n<meta property=\"og:description\" content=\"All ARTICLES AUDIOS VIDEOS AUDIO: SUNDAY ON R\u00c0DIO4&#8217;S &#8220;THE CLUB OF RESTLESS MINDS&#8220;. INTERVIEW WITH ARCHITECT LLU\u00cdS TEJERO ABOUT THE NEW PAVILION OF THE PUIGVERT FOUNDATION. AUDIO: &#8220;EXTRARADIO&#8221; RADIO PROGRAM FROM &#8220;COM R\u00c1DIO&#8221;. INTERVIEW WITH THE ARCHITECT LLU\u00cdS TEJERO ABOUT THE NEW PAVILION OF THE PUIGVERT FOUNDATION AUDIO: SUNDAY IN \u201cTHE CLUB OF RESTLESS MINDS\u201d [&hellip;]\" \/>\n<meta property=\"og:url\" content=\"https:\/\/lluistejeroarquitectos.com\/press-clip\/\" \/>\n<meta property=\"og:site_name\" content=\"Llu\u00eds Tejero Arquitectes\" \/>\n<meta property=\"article:modified_time\" content=\"2023-10-06T15:57:49+00:00\" \/>\n<meta property=\"og:image\" content=\"https:\/\/lluistejeroarquitectos.com\/wp-content\/uploads\/2023\/05\/Proyecto-nuevo-1.jpg\" \/>\n<meta name=\"twitter:card\" content=\"summary_large_image\" \/>\n<meta name=\"twitter:label1\" content=\"Est. reading time\" \/>\n\t<meta name=\"twitter:data1\" content=\"2 minutes\" \/>\n<script type=\"application\/ld+json\" class=\"yoast-schema-graph\">{\"@context\":\"https:\/\/schema.org\",\"@graph\":[{\"@type\":\"WebPage\",\"@id\":\"https:\/\/lluistejeroarquitectos.com\/press-clip\/\",\"url\":\"https:\/\/lluistejeroarquitectos.com\/press-clip\/\",\"name\":\"Press Clip - Llu\u00eds Tejero Arquitectes\",\"isPartOf\":{\"@id\":\"https:\/\/lluistejeroarquitectos.com\/#website\"},\"primaryImageOfPage\":{\"@id\":\"https:\/\/lluistejeroarquitectos.com\/press-clip\/#primaryimage\"},\"image\":{\"@id\":\"https:\/\/lluistejeroarquitectos.com\/press-clip\/#primaryimage\"},\"thumbnailUrl\":\"https:\/\/lluistejeroarquitectos.com\/wp-content\/uploads\/2023\/05\/Proyecto-nuevo-1.jpg\",\"datePublished\":\"2023-03-06T21:40:59+00:00\",\"dateModified\":\"2023-10-06T15:57:49+00:00\",\"breadcrumb\":{\"@id\":\"https:\/\/lluistejeroarquitectos.com\/press-clip\/#breadcrumb\"},\"inLanguage\":\"en-US\",\"potentialAction\":[{\"@type\":\"ReadAction\",\"target\":[\"https:\/\/lluistejeroarquitectos.com\/press-clip\/\"]}]},{\"@type\":\"ImageObject\",\"inLanguage\":\"en-US\",\"@id\":\"https:\/\/lluistejeroarquitectos.com\/press-clip\/#primaryimage\",\"url\":\"https:\/\/lluistejeroarquitectos.com\/wp-content\/uploads\/2023\/05\/Proyecto-nuevo-1.jpg\",\"contentUrl\":\"https:\/\/lluistejeroarquitectos.com\/wp-content\/uploads\/2023\/05\/Proyecto-nuevo-1.jpg\"},{\"@type\":\"BreadcrumbList\",\"@id\":\"https:\/\/lluistejeroarquitectos.com\/press-clip\/#breadcrumb\",\"itemListElement\":[{\"@type\":\"ListItem\",\"position\":1,\"name\":\"Portada\",\"item\":\"https:\/\/lluistejeroarquitectos.com\/\"},{\"@type\":\"ListItem\",\"position\":2,\"name\":\"Press Clip\"}]},{\"@type\":\"WebSite\",\"@id\":\"https:\/\/lluistejeroarquitectos.com\/#website\",\"url\":\"https:\/\/lluistejeroarquitectos.com\/\",\"name\":\"Llu\u00eds Tejero Arquitectes\",\"description\":\"\",\"potentialAction\":[{\"@type\":\"SearchAction\",\"target\":{\"@type\":\"EntryPoint\",\"urlTemplate\":\"https:\/\/lluistejeroarquitectos.com\/?s={search_term_string}\"},\"query-input\":{\"@type\":\"PropertyValueSpecification\",\"valueRequired\":true,\"valueName\":\"search_term_string\"}}],\"inLanguage\":\"en-US\"}]}<\/script>\n<!-- \/ Yoast SEO plugin. -->","yoast_head_json":{"title":"Press Clip - Llu\u00eds Tejero Arquitectes","robots":{"index":"index","follow":"follow","max-snippet":"max-snippet:-1","max-image-preview":"max-image-preview:large","max-video-preview":"max-video-preview:-1"},"canonical":"https:\/\/lluistejeroarquitectos.com\/press-clip\/","og_locale":"en_US","og_type":"article","og_title":"Press Clip - Llu\u00eds Tejero Arquitectes","og_description":"All ARTICLES AUDIOS VIDEOS AUDIO: SUNDAY ON R\u00c0DIO4&#8217;S &#8220;THE CLUB OF RESTLESS MINDS&#8220;. INTERVIEW WITH ARCHITECT LLU\u00cdS TEJERO ABOUT THE NEW PAVILION OF THE PUIGVERT FOUNDATION. AUDIO: &#8220;EXTRARADIO&#8221; RADIO PROGRAM FROM &#8220;COM R\u00c1DIO&#8221;. INTERVIEW WITH THE ARCHITECT LLU\u00cdS TEJERO ABOUT THE NEW PAVILION OF THE PUIGVERT FOUNDATION AUDIO: SUNDAY IN \u201cTHE CLUB OF RESTLESS MINDS\u201d [&hellip;]","og_url":"https:\/\/lluistejeroarquitectos.com\/press-clip\/","og_site_name":"Llu\u00eds Tejero Arquitectes","article_modified_time":"2023-10-06T15:57:49+00:00","og_image":[{"url":"https:\/\/lluistejeroarquitectos.com\/wp-content\/uploads\/2023\/05\/Proyecto-nuevo-1.jpg","type":"","width":"","height":""}],"twitter_card":"summary_large_image","twitter_misc":{"Est. reading time":"2 minutes"},"schema":{"@context":"https:\/\/schema.org","@graph":[{"@type":"WebPage","@id":"https:\/\/lluistejeroarquitectos.com\/press-clip\/","url":"https:\/\/lluistejeroarquitectos.com\/press-clip\/","name":"Press Clip - Llu\u00eds Tejero Arquitectes","isPartOf":{"@id":"https:\/\/lluistejeroarquitectos.com\/#website"},"primaryImageOfPage":{"@id":"https:\/\/lluistejeroarquitectos.com\/press-clip\/#primaryimage"},"image":{"@id":"https:\/\/lluistejeroarquitectos.com\/press-clip\/#primaryimage"},"thumbnailUrl":"https:\/\/lluistejeroarquitectos.com\/wp-content\/uploads\/2023\/05\/Proyecto-nuevo-1.jpg","datePublished":"2023-03-06T21:40:59+00:00","dateModified":"2023-10-06T15:57:49+00:00","breadcrumb":{"@id":"https:\/\/lluistejeroarquitectos.com\/press-clip\/#breadcrumb"},"inLanguage":"en-US","potentialAction":[{"@type":"ReadAction","target":["https:\/\/lluistejeroarquitectos.com\/press-clip\/"]}]},{"@type":"ImageObject","inLanguage":"en-US","@id":"https:\/\/lluistejeroarquitectos.com\/press-clip\/#primaryimage","url":"https:\/\/lluistejeroarquitectos.com\/wp-content\/uploads\/2023\/05\/Proyecto-nuevo-1.jpg","contentUrl":"https:\/\/lluistejeroarquitectos.com\/wp-content\/uploads\/2023\/05\/Proyecto-nuevo-1.jpg"},{"@type":"BreadcrumbList","@id":"https:\/\/lluistejeroarquitectos.com\/press-clip\/#breadcrumb","itemListElement":[{"@type":"ListItem","position":1,"name":"Portada","item":"https:\/\/lluistejeroarquitectos.com\/"},{"@type":"ListItem","position":2,"name":"Press Clip"}]},{"@type":"WebSite","@id":"https:\/\/lluistejeroarquitectos.com\/#website","url":"https:\/\/lluistejeroarquitectos.com\/","name":"Llu\u00eds Tejero Arquitectes","description":"","potentialAction":[{"@type":"SearchAction","target":{"@type":"EntryPoint","urlTemplate":"https:\/\/lluistejeroarquitectos.com\/?s={search_term_string}"},"query-input":{"@type":"PropertyValueSpecification","valueRequired":true,"valueName":"search_term_string"}}],"inLanguage":"en-US"}]}},"_links":{"self":[{"href":"https:\/\/lluistejeroarquitectos.com\/en\/wp-json\/wp\/v2\/pages\/3356","targetHints":{"allow":["GET"]}}],"collection":[{"href":"https:\/\/lluistejeroarquitectos.com\/en\/wp-json\/wp\/v2\/pages"}],"about":[{"href":"https:\/\/lluistejeroarquitectos.com\/en\/wp-json\/wp\/v2\/types\/page"}],"author":[{"embeddable":true,"href":"https:\/\/lluistejeroarquitectos.com\/en\/wp-json\/wp\/v2\/users\/1"}],"replies":[{"embeddable":true,"href":"https:\/\/lluistejeroarquitectos.com\/en\/wp-json\/wp\/v2\/comments?post=3356"}],"version-history":[{"count":7,"href":"https:\/\/lluistejeroarquitectos.com\/en\/wp-json\/wp\/v2\/pages\/3356\/revisions"}],"predecessor-version":[{"id":3394,"href":"https:\/\/lluistejeroarquitectos.com\/en\/wp-json\/wp\/v2\/pages\/3356\/revisions\/3394"}],"wp:attachment":[{"href":"https:\/\/lluistejeroarquitectos.com\/en\/wp-json\/wp\/v2\/media?parent=3356"}],"curies":[{"name":"wp","href":"https:\/\/api.w.org\/{rel}","templated":true}]}}